{"id":17573,"date":"2020-05-24T22:09:06","date_gmt":"2020-05-24T20:09:06","guid":{"rendered":"https:\/\/kleinerheinperle.ch\/expositions-international\/"},"modified":"2022-09-09T08:19:06","modified_gmt":"2022-09-09T06:19:06","slug":"expositions-international","status":"publish","type":"page","link":"https:\/\/kleinerheinperle.ch\/fr\/portrait\/expositions-international\/","title":{"rendered":"Expositions international"},"content":{"rendered":"<div class=\"wpb-content-wrapper\"><p>[vc_row full_width=&#8221;stretch_row_content_no_spaces&#8221; content_placement=&#8221;middle&#8221; parallax=&#8221;content-moving-fade&#8221; parallax_image=&#8221;3837&#8243; css_animation=&#8221;none&#8221; css=&#8221;.vc_custom_1590360208501{background-image: url(https:\/\/kleinerheinperle.ch\/wp-content\/uploads\/2020\/05\/BANNER-retina-jewelry-exhibition-abudhabi-stefan-wacha-jumeirah-etihad-towers.jpg?id=15006) !important;background-position: center;background-repeat: no-repeat !important;background-size: cover !important;}&#8221; el_class=&#8221;header&#8221;][vc_column][vc_column_text el_class=&#8221;txt-white&#8221;]<\/p>\n<h1 style=\"text-align: center;\">Expositions internationales de bijoux du petit Rheinperle<\/h1>\n<p>[\/vc_column_text][\/vc_column][\/vc_row][vc_row css=&#8221;.vc_custom_1532613041020{background-position: center !important;background-repeat: no-repeat !important;background-size: cover !important;}&#8221;][vc_column][vc_column_text]<\/p>\n<p style=\"text-align: left;\"><div class=\"breadcrumb\" itemprop=\"breadcrumb\"><span><span><a href=\"https:\/\/kleinerheinperle.ch\/fr\/home\/\">Home<\/a><\/span><\/span><\/div>\n<p>[\/vc_column_text][\/vc_column][\/vc_row][vc_row][vc_column][vc_column_text]<br \/>\nLors de nos expositions internationales, nous pr\u00e9sentons principalement nos bijoux en r\u00e9tine prot\u00e9g\u00e9s par la marque en raison de leur caract\u00e8re unique au monde. Ici, vous pouvez en savoir plus sur le principe des bijoux de r\u00e9tine. Bien s\u00fbr, nous avons toujours notre cam\u00e9ra de fond d&#8217;\u0153il avec nous et pouvons donc prendre des photos de votre r\u00e9tine sur place. En peu de temps, vous recevrez votre conception de bijoux Retina individuelle et absolument personnelle dans une visualisation 3D par ordinateur, avant m\u00eame que vous ne commandiez d\u00e9finitivement !<\/p>\n<p>Vous pouvez essayer vous-m\u00eame diff\u00e9rents bijoux lors de nos expositions internationales. Testez directement sur votre peau quel m\u00e9tal pr\u00e9cieux vous convient le mieux et vous pouvez commander directement sur place.<\/p>\n<p>Nous fabriquons nos bijoux exclusivement en Suisse, mais exp\u00e9dions dans le monde entier (via DHL).<br \/>\n[\/vc_column_text][\/vc_column][\/vc_row][vc_row full_width=&#8221;stretch_row&#8221; content_placement=&#8221;middle&#8221;][vc_column width=&#8221;1\/2&#8243;][vc_column_text]<\/p>\n<p style=\"text-align: center;\"><span style=\"color: #ff0000;\"><strong>Pass\u00e9:<\/strong><\/span><\/p>\n<p style=\"text-align: center;\">\n<p style=\"text-align: center;\">\nHanovre (D) 5-6 janvier 2019<\/p>\n<p style=\"text-align: center;\">Munich (D) 12.-13.01.2019<\/p>\n<p style=\"text-align: center;\">Z\u00fcrich (CH) 12.-13.01.2019<\/p>\n<p style=\"text-align: center;\">\u00c9dimbourg (Royaume-Uni) 19-20\/01\/2019<\/p>\n<p style=\"text-align: center;\">Berne (CH) 26.-27.01.2019<\/p>\n<p style=\"text-align: center;\">Londres (Royaume-Uni) 15-17\/02\/2019<\/p>\n<p style=\"text-align: center;\">Birmingham (Royaume-Uni) 01-03\/03\/2019<\/p>\n<p style=\"text-align: center;\">Obermieming (AT), 16 juin 2019<\/p>\n<p style=\"text-align: center;\">Paris (F), 5-8\/9\/2019<\/p>\n<p style=\"text-align: center;\">Paris (F), 14-17\/09\/2019<\/p>\n<p style=\"text-align: center;\">B\u00e2le (CH) 12.-13.10.2019<\/p>\n<p style=\"text-align: center;\">Abu Dhabi (EAU) 30\/10-5\/11\/2019<\/p>\n<p>[\/vc_column_text][\/vc_column][vc_column width=&#8221;1\/2&#8243;][vc_column_text]<\/p>\n<h3 style=\"text-align: center;\"><span style=\"color: #ff0000;\">Avenir:<\/span><\/h3>\n<p style=\"text-align: center;\">\nBasel Blickfang design fair (CH) 20-22 mars 2020 (annul\u00e9 en raison de la COVID)<\/p>\n<p style=\"text-align: center;\">Nuremberg (D) 18-20 juin 2020 (annul\u00e9 en raison du COVID)<\/p>\n<p style=\"text-align: center;\">Abu Dhabi (UAE) 23.10-31.10.2020 (annul\u00e9 en raison de COVID)<\/p>\n<p style=\"text-align: center;\">Las Vegas (USA) 14-17 novembre 2020 (annul\u00e9 en raison du COVID)<\/p>\n<p style=\"text-align: center;\">\n<p style=\"text-align: center;\">il n&#8217;y a actuellement plus de salons pr\u00e9vus pour cette ann\u00e9e.<\/p>\n<p style=\"text-align: center;\">Suivez-nous pour rester \u00e0 jour!<\/p>\n<p>[\/vc_column_text][\/vc_column][\/vc_row][vc_row][vc_column][vc_column_text]<\/p>\n<h3 style=\"text-align: center;\">Exposition de bijoux Retina Abu Dhabi Octobre 2019<\/h3>\n<p>[\/vc_column_text][\/vc_column][\/vc_row][vc_row][vc_column width=&#8221;1\/2&#8243;][vc_single_image image=&#8221;14994&#8243; img_size=&#8221;large&#8221; alignment=&#8221;center&#8221;][\/vc_column][vc_column width=&#8221;1\/2&#8243;][vc_single_image image=&#8221;14993&#8243; img_size=&#8221;large&#8221; alignment=&#8221;center&#8221;][\/vc_column][\/vc_row][vc_row content_placement=&#8221;middle&#8221;][vc_column][vc_gallery interval=&#8221;3&#8243; images=&#8221;15003,15002,15001,15000,14999,14998&#8243; img_size=&#8221;large&#8221;][\/vc_column][\/vc_row][vc_row][vc_column][vc_column_text]<!-- MetaSlider 16103 not found -->[\/vc_column_text][\/vc_column][\/vc_row]<\/p>\n<\/div>","protected":false},"excerpt":{"rendered":"<p>[vc_row full_width=&#8221;stretch_row_content_no_spaces&#8221; content_placement=&#8221;middle&#8221; parallax=&#8221;content-moving-fade&#8221; parallax_image=&#8221;3837&#8243; css_animation=&#8221;none&#8221; css=&#8221;.vc_custom_1590360208501{background-image: url(https:\/\/kleinerheinperle.ch\/wp-content\/uploads\/2020\/05\/BANNER-retina-jewelry-exhibition-abudhabi-stefan-wacha-jumeirah-etihad-towers.jpg?id=15006) !important;background-position: center;background-repeat: no-repeat !important;background-size: cover !important;}&#8221; el_class=&#8221;header&#8221;][vc_column][vc_column_text el_class=&#8221;txt-white&#8221;] Expositions internationales de bijoux du petit Rheinperle [\/vc_column_text][\/vc_column][\/vc_row][vc_row css=&#8221;.vc_custom_1532613041020{background-position: center !important;background-repeat: no-repeat !important;background-size: cover !important;}&#8221;][vc_column][vc_column_text] [\/vc_column_text][\/vc_column][\/vc_row][vc_row][vc_column][vc_column_text] Lors de nos expositions internationales, nous pr\u00e9sentons principalement nos bijoux en r\u00e9tine prot\u00e9g\u00e9s par la marque en raison de leur caract\u00e8re unique au &#8230; <a title=\"Expositions international\" class=\"read-more\" href=\"https:\/\/kleinerheinperle.ch\/fr\/portrait\/expositions-international\/\" aria-label=\"En savoir plus sur Expositions international\">Lire la suite<\/a><\/p>\n","protected":false},"author":2,"featured_media":0,"parent":17673,"menu_order":1,"comment_status":"closed","ping_status":"closed","template":"","meta":{"footnotes":""},"class_list":["post-17573","page","type-page","status-publish"],"yoast_head":"<!-- This site is optimized with the Yoast SEO plugin v27.5 - https:\/\/yoast.com\/product\/yoast-seo-wordpress\/ -->\n<title>Expositions international kleine Rheinperle<\/title>\n<meta name=\"description\" content=\"Expositions international\" \/>\n<meta name=\"robots\" content=\"index, follow, max-snippet:-1, max-image-preview:large, max-video-preview:-1\" \/>\n<link rel=\"canonical\" href=\"https:\/\/kleinerheinperle.ch\/fr\/portrait\/expositions-international\/\" \/>\n<meta property=\"og:locale\" content=\"fr_FR\" \/>\n<meta property=\"og:type\" content=\"article\" \/>\n<meta property=\"og:title\" content=\"Expositions international kleine Rheinperle\" \/>\n<meta property=\"og:description\" content=\"Expositions international\" \/>\n<meta property=\"og:url\" content=\"https:\/\/kleinerheinperle.ch\/fr\/portrait\/expositions-international\/\" \/>\n<meta property=\"og:site_name\" content=\"kleine Rheinperle\" \/>\n<meta property=\"article:publisher\" content=\"http:\/\/www.facebook.com\/kleinerheinperle\" \/>\n<meta property=\"article:modified_time\" content=\"2022-09-09T06:19:06+00:00\" \/>\n<meta name=\"twitter:card\" content=\"summary_large_image\" \/>\n<meta name=\"twitter:label1\" content=\"Dur\u00e9e de lecture estim\u00e9e\" \/>\n\t<meta name=\"twitter:data1\" content=\"2 minutes\" \/>\n<script type=\"application\/ld+json\" class=\"yoast-schema-graph\">{\"@context\":\"https:\\\/\\\/schema.org\",\"@graph\":[{\"@type\":\"WebPage\",\"@id\":\"https:\\\/\\\/kleinerheinperle.ch\\\/fr\\\/portrait\\\/expositions-international\\\/\",\"url\":\"https:\\\/\\\/kleinerheinperle.ch\\\/fr\\\/portrait\\\/expositions-international\\\/\",\"name\":\"Expositions international kleine Rheinperle\",\"isPartOf\":{\"@id\":\"https:\\\/\\\/kleinerheinperle.ch\\\/fr\\\/#website\"},\"datePublished\":\"2020-05-24T20:09:06+00:00\",\"dateModified\":\"2022-09-09T06:19:06+00:00\",\"description\":\"Expositions international\",\"breadcrumb\":{\"@id\":\"https:\\\/\\\/kleinerheinperle.ch\\\/fr\\\/portrait\\\/expositions-international\\\/#breadcrumb\"},\"inLanguage\":\"fr-FR\",\"potentialAction\":[{\"@type\":\"ReadAction\",\"target\":[\"https:\\\/\\\/kleinerheinperle.ch\\\/fr\\\/portrait\\\/expositions-international\\\/\"]}]},{\"@type\":\"BreadcrumbList\",\"@id\":\"https:\\\/\\\/kleinerheinperle.ch\\\/fr\\\/portrait\\\/expositions-international\\\/#breadcrumb\",\"itemListElement\":[{\"@type\":\"ListItem\",\"position\":1,\"name\":\"Home\",\"item\":\"https:\\\/\\\/kleinerheinperle.ch\\\/fr\\\/home\\\/\"},{\"@type\":\"ListItem\",\"position\":2,\"name\":\"Expositions international\"}]},{\"@type\":\"WebSite\",\"@id\":\"https:\\\/\\\/kleinerheinperle.ch\\\/fr\\\/#website\",\"url\":\"https:\\\/\\\/kleinerheinperle.ch\\\/fr\\\/\",\"name\":\"kleine Rheinperle\",\"description\":\"Ihr Goldschmied in Basel f\u00fcr spezielle Eheringe und individuelle Schmuck-Designs\",\"publisher\":{\"@id\":\"https:\\\/\\\/kleinerheinperle.ch\\\/fr\\\/#organization\"},\"potentialAction\":[{\"@type\":\"SearchAction\",\"target\":{\"@type\":\"EntryPoint\",\"urlTemplate\":\"https:\\\/\\\/kleinerheinperle.ch\\\/fr\\\/?s={search_term_string}\"},\"query-input\":{\"@type\":\"PropertyValueSpecification\",\"valueRequired\":true,\"valueName\":\"search_term_string\"}}],\"inLanguage\":\"fr-FR\"},{\"@type\":\"Organization\",\"@id\":\"https:\\\/\\\/kleinerheinperle.ch\\\/fr\\\/#organization\",\"name\":\"Kleine Rheinperle\",\"url\":\"https:\\\/\\\/kleinerheinperle.ch\\\/fr\\\/\",\"logo\":{\"@type\":\"ImageObject\",\"inLanguage\":\"fr-FR\",\"@id\":\"https:\\\/\\\/kleinerheinperle.ch\\\/fr\\\/#\\\/schema\\\/logo\\\/image\\\/\",\"url\":\"https:\\\/\\\/kleinerheinperle.ch\\\/wp-content\\\/uploads\\\/2025\\\/11\\\/cropped-logo-kleine-Rheinperle-2025-350-1.jpg\",\"contentUrl\":\"https:\\\/\\\/kleinerheinperle.ch\\\/wp-content\\\/uploads\\\/2025\\\/11\\\/cropped-logo-kleine-Rheinperle-2025-350-1.jpg\",\"width\":350,\"height\":350,\"caption\":\"Kleine Rheinperle\"},\"image\":{\"@id\":\"https:\\\/\\\/kleinerheinperle.ch\\\/fr\\\/#\\\/schema\\\/logo\\\/image\\\/\"},\"sameAs\":[\"http:\\\/\\\/www.facebook.com\\\/kleinerheinperle\",\"http:\\\/\\\/www.instagram.com\\\/kleinerheinperle\",\"http:\\\/\\\/www.youtube.com\\\/kleinerheinperle\"]}]}<\/script>\n<!-- \/ Yoast SEO plugin. -->","yoast_head_json":{"title":"Expositions international kleine Rheinperle","description":"Expositions international","robots":{"index":"index","follow":"follow","max-snippet":"max-snippet:-1","max-image-preview":"max-image-preview:large","max-video-preview":"max-video-preview:-1"},"canonical":"https:\/\/kleinerheinperle.ch\/fr\/portrait\/expositions-international\/","og_locale":"fr_FR","og_type":"article","og_title":"Expositions international kleine Rheinperle","og_description":"Expositions international","og_url":"https:\/\/kleinerheinperle.ch\/fr\/portrait\/expositions-international\/","og_site_name":"kleine Rheinperle","article_publisher":"http:\/\/www.facebook.com\/kleinerheinperle","article_modified_time":"2022-09-09T06:19:06+00:00","twitter_card":"summary_large_image","twitter_misc":{"Dur\u00e9e de lecture estim\u00e9e":"2 minutes"},"schema":{"@context":"https:\/\/schema.org","@graph":[{"@type":"WebPage","@id":"https:\/\/kleinerheinperle.ch\/fr\/portrait\/expositions-international\/","url":"https:\/\/kleinerheinperle.ch\/fr\/portrait\/expositions-international\/","name":"Expositions international kleine Rheinperle","isPartOf":{"@id":"https:\/\/kleinerheinperle.ch\/fr\/#website"},"datePublished":"2020-05-24T20:09:06+00:00","dateModified":"2022-09-09T06:19:06+00:00","description":"Expositions international","breadcrumb":{"@id":"https:\/\/kleinerheinperle.ch\/fr\/portrait\/expositions-international\/#breadcrumb"},"inLanguage":"fr-FR","potentialAction":[{"@type":"ReadAction","target":["https:\/\/kleinerheinperle.ch\/fr\/portrait\/expositions-international\/"]}]},{"@type":"BreadcrumbList","@id":"https:\/\/kleinerheinperle.ch\/fr\/portrait\/expositions-international\/#breadcrumb","itemListElement":[{"@type":"ListItem","position":1,"name":"Home","item":"https:\/\/kleinerheinperle.ch\/fr\/home\/"},{"@type":"ListItem","position":2,"name":"Expositions international"}]},{"@type":"WebSite","@id":"https:\/\/kleinerheinperle.ch\/fr\/#website","url":"https:\/\/kleinerheinperle.ch\/fr\/","name":"kleine Rheinperle","description":"Ihr Goldschmied in Basel f\u00fcr spezielle Eheringe und individuelle Schmuck-Designs","publisher":{"@id":"https:\/\/kleinerheinperle.ch\/fr\/#organization"},"potentialAction":[{"@type":"SearchAction","target":{"@type":"EntryPoint","urlTemplate":"https:\/\/kleinerheinperle.ch\/fr\/?s={search_term_string}"},"query-input":{"@type":"PropertyValueSpecification","valueRequired":true,"valueName":"search_term_string"}}],"inLanguage":"fr-FR"},{"@type":"Organization","@id":"https:\/\/kleinerheinperle.ch\/fr\/#organization","name":"Kleine Rheinperle","url":"https:\/\/kleinerheinperle.ch\/fr\/","logo":{"@type":"ImageObject","inLanguage":"fr-FR","@id":"https:\/\/kleinerheinperle.ch\/fr\/#\/schema\/logo\/image\/","url":"https:\/\/kleinerheinperle.ch\/wp-content\/uploads\/2025\/11\/cropped-logo-kleine-Rheinperle-2025-350-1.jpg","contentUrl":"https:\/\/kleinerheinperle.ch\/wp-content\/uploads\/2025\/11\/cropped-logo-kleine-Rheinperle-2025-350-1.jpg","width":350,"height":350,"caption":"Kleine Rheinperle"},"image":{"@id":"https:\/\/kleinerheinperle.ch\/fr\/#\/schema\/logo\/image\/"},"sameAs":["http:\/\/www.facebook.com\/kleinerheinperle","http:\/\/www.instagram.com\/kleinerheinperle","http:\/\/www.youtube.com\/kleinerheinperle"]}]}},"_links":{"self":[{"href":"https:\/\/kleinerheinperle.ch\/fr\/wp-json\/wp\/v2\/pages\/17573","targetHints":{"allow":["GET"]}}],"collection":[{"href":"https:\/\/kleinerheinperle.ch\/fr\/wp-json\/wp\/v2\/pages"}],"about":[{"href":"https:\/\/kleinerheinperle.ch\/fr\/wp-json\/wp\/v2\/types\/page"}],"author":[{"embeddable":true,"href":"https:\/\/kleinerheinperle.ch\/fr\/wp-json\/wp\/v2\/users\/2"}],"replies":[{"embeddable":true,"href":"https:\/\/kleinerheinperle.ch\/fr\/wp-json\/wp\/v2\/comments?post=17573"}],"version-history":[{"count":1,"href":"https:\/\/kleinerheinperle.ch\/fr\/wp-json\/wp\/v2\/pages\/17573\/revisions"}],"predecessor-version":[{"id":17574,"href":"https:\/\/kleinerheinperle.ch\/fr\/wp-json\/wp\/v2\/pages\/17573\/revisions\/17574"}],"up":[{"embeddable":true,"href":"https:\/\/kleinerheinperle.ch\/fr\/wp-json\/wp\/v2\/pages\/17673"}],"wp:attachment":[{"href":"https:\/\/kleinerheinperle.ch\/fr\/wp-json\/wp\/v2\/media?parent=17573"}],"curies":[{"name":"wp","href":"https:\/\/api.w.org\/{rel}","templated":true}]}}